
{"id":113,"date":"2018-10-09T11:48:01","date_gmt":"2018-10-09T11:48:01","guid":{"rendered":"http:\/\/vadas.22media.sk\/?page_id=113"},"modified":"2025-10-16T13:59:45","modified_gmt":"2025-10-16T11:59:45","slug":"thermal-wellnesshotel","status":"publish","type":"page","link":"https:\/\/www.vadasthermal.sk\/hu\/thermal-wellnesshotel\/","title":{"rendered":"Thermal*** wellnesshotel"},"content":{"rendered":"<p><strong>A Thermal*** wellnesshotelben \u00f6sszesen 47 szoba, 2 konferencia terem, \u00e9tterem, wellnessk\u00f6zpont, csomagmeg\u0151rz\u0151, j\u00e1t\u00e9ksarok \u00e9s kil\u00e1t\u00f3 terasz is tal\u00e1lhat\u00f3. Minden szoba f\u00fcrd\u0151szob\u00e1val, telefonnal, LCD TV k\u00e9sz\u00fcl\u00e9kkel \u00e9s minib\u00e1rral felszerelt, valamint minden szob\u00e1nk l\u00e9gkondicion\u00e1lt \u00e9s ingyenes WiFi el\u00e9r\u00e9st biztos\u00edt. A f\u00e9lpanzi\u00f3s vagy teljes ell\u00e1t\u00e1st a Thermal \u00e9tterem biztos\u00edtja, amely a sz\u00e1lloda lobbyj\u00e1b\u00f3l ny\u00edlik. A sz\u00e1llod\u00e1ban reggeli, eb\u00e9d \u00e9s vacsora is rendelhet\u0151. A 3 \u00e9vn\u00e9l fiatalabb gyerekeknek, m\u00e1s fizet\u0151 vend\u00e9g k\u00eds\u00e9ret\u00e9ben az \u00e9tkez\u00e9s \u00e9s a sz\u00e1ll\u00e1s is ingyenes.<\/strong><\/p>\n<p>K\u00e9nyeztet\u0151 <strong>term\u00e1lvizes kikapcsol\u00f3d\u00e1s<\/strong>, term\u00e9szetk\u00f6zeli \u00e9lm\u00e9nyek, exkluz\u00edv kil\u00e1t\u00e1ssal az esztergomi bazilik\u00e1ra. Mindezt megtal\u00e1lja a p\u00e1rk\u00e1nyi Vadas Thermal wellnesshotelben, mely \u00fajonnan ny\u00edl\u00f3 wellnessr\u00e9szleg\u00e9vel imm\u00e1ron eg\u00e9sz \u00e9vben szeretettel v\u00e1rja kedves vend\u00e9geit!<\/p>\n<p>A sz\u00e1lloda legfels\u0151 szint\u00e9n tal\u00e1lhat\u00f3 teraszr\u00f3l sz\u00e9ttekintve nem csak az eg\u00e9sz f\u00fcrd\u0151 ter\u00fclet\u00e9re, hanem P\u00e1rk\u00e1ny v\u00e1ros\u00e1ra \u00e9s az <strong>egyed\u00fcl\u00e1ll\u00f3 esztergomi bazilik\u00e1ra<\/strong> ny\u00edl\u00f3 kil\u00e1t\u00e1s ny\u00edlik.<\/p>\n<p>Sz\u00e1llod\u00e1nk gondolt az \u00d6n\u00f6k csemet\u00e9ire is, <strong>bababar\u00e1t szolg\u00e1ltat\u00e1sink<\/strong> r\u00e9sze az els\u0151 emeleten tal\u00e1lhat\u00f3, b\u00e1rmikor haszn\u00e1lhat\u00f3 j\u00e1tsz\u00f3sszoba, a tavaszt\u00f3l \u0151szig haszn\u00e1lhat\u00f3 <strong>k\u00fclt\u00e9ri j\u00e1tsz\u00f3t\u00e9r<\/strong> a term\u00e1lf\u00fcrd\u0151 ter\u00fclet\u00e9n, a j\u00e1tsz\u00f3szoba mellett szabadon haszn\u00e1lhat\u00f3 X-Box konzolok, valamint a sz\u00e1llod\u00e1ban tal\u00e1lhat\u00f3 konyhahelyis\u00e9g, ahol b\u00e1rmilyen baba\u00e9tel elk\u00e9sz\u00edthet\u0151. A szob\u00e1kba kis\u00e1gyat, fell\u00e9p\u0151t, babak\u00e1dat, alapfelszerelts\u00e9gk\u00e9nt gyorsforral\u00f3t, az \u00e9tteremben etet\u0151sz\u00e9ket is biztos\u00edtunk m\u00edg a k\u00e9szlet tart.<\/p>\n<p>Ingyenes parkol\u00f3nk a sz\u00e1lloda el\u0151tt tal\u00e1lhat\u00f3, a hotel \u00e9p\u00fclete m\u00f6g\u00f6tt tal\u00e1lhat\u00f3 <strong>\u0151rz\u00f6tt parkol\u00f3nkat<\/strong> pedig fizet\u00e9s ellen\u00e9ben vehetik ig\u00e9nybe (10 \u20ac \/ \u00e9jszaka).<\/p>\n<p>30 &#8211; 80 f\u0151s l\u00e9gkondicion\u00e1lt <strong>konferenciatermeink<\/strong> csoportos rendezv\u00e9nyek, iskol\u00e1z\u00e1sok, gy\u0171l\u00e9sek \u00e9s \u00e9rtekezletek megrendez\u00e9s\u00e9re alkalmasak.<\/p>\n<p>Minden kedves vend\u00e9g\u00fcnknek kellemes pihen\u00e9st \u00e9s kikapcsol\u00f3d\u00e1st k\u00edv\u00e1nunk!<\/p>\n\n\n<figure class=\"wp-block-gallery has-nested-images columns-4 is-cropped wp-block-gallery-1 is-layout-flex wp-block-gallery-is-layout-flex\">\n<figure class=\"wp-block-image size-large is-style-rounded\"><img loading=\"lazy\" decoding=\"async\" width=\"1024\" height=\"682\" data-id=\"2848\" src=\"https:\/\/www.vadasthermal.sk\/wp-content\/uploads\/2018\/10\/hotel_thermal4-1024x682.jpg\" alt=\"\" class=\"wp-image-2848\" srcset=\"https:\/\/www.vadasthermal.sk\/wp-content\/uploads\/2018\/10\/hotel_thermal4-1024x682.jpg 1024w, https:\/\/www.vadasthermal.sk\/wp-content\/uploads\/2018\/10\/hotel_thermal4-300x200.jpg 300w, https:\/\/www.vadasthermal.sk\/wp-content\/uploads\/2018\/10\/hotel_thermal4-768x511.jpg 768w, https:\/\/www.vadasthermal.sk\/wp-content\/uploads\/2018\/10\/hotel_thermal4-826x550.jpg 826w, https:\/\/www.vadasthermal.sk\/wp-content\/uploads\/2018\/10\/hotel_thermal4.jpg 1600w\" sizes=\"auto, (max-width: 1024px) 100vw, 1024px\" \/><\/figure>\n\n\n\n<figure class=\"wp-block-image size-large is-style-rounded\"><img loading=\"lazy\" decoding=\"async\" width=\"1024\" height=\"681\" data-id=\"9070\" src=\"https:\/\/www.vadasthermal.sk\/wp-content\/uploads\/Restauracia_Thermal_5-1-1024x681.jpg\" alt=\"\" class=\"wp-image-9070\" srcset=\"https:\/\/www.vadasthermal.sk\/wp-content\/uploads\/Restauracia_Thermal_5-1-1024x681.jpg 1024w, https:\/\/www.vadasthermal.sk\/wp-content\/uploads\/Restauracia_Thermal_5-1-300x200.jpg 300w, https:\/\/www.vadasthermal.sk\/wp-content\/uploads\/Restauracia_Thermal_5-1-768x511.jpg 768w, https:\/\/www.vadasthermal.sk\/wp-content\/uploads\/Restauracia_Thermal_5-1-1536x1022.jpg 1536w, https:\/\/www.vadasthermal.sk\/wp-content\/uploads\/Restauracia_Thermal_5-1-826x550.jpg 826w, https:\/\/www.vadasthermal.sk\/wp-content\/uploads\/Restauracia_Thermal_5-1-1623x1080.jpg 1623w, https:\/\/www.vadasthermal.sk\/wp-content\/uploads\/Restauracia_Thermal_5-1.jpg 2000w\" sizes=\"auto, (max-width: 1024px) 100vw, 1024px\" \/><\/figure>\n\n\n\n<figure class=\"wp-block-image size-large is-style-rounded\"><img loading=\"lazy\" decoding=\"async\" width=\"1024\" height=\"683\" data-id=\"10406\" src=\"https:\/\/www.vadasthermal.sk\/wp-content\/uploads\/H4A9011-1024x683.jpg\" alt=\"\" class=\"wp-image-10406\" srcset=\"https:\/\/www.vadasthermal.sk\/wp-content\/uploads\/H4A9011-1024x683.jpg 1024w, https:\/\/www.vadasthermal.sk\/wp-content\/uploads\/H4A9011-300x200.jpg 300w, https:\/\/www.vadasthermal.sk\/wp-content\/uploads\/H4A9011-768x512.jpg 768w, https:\/\/www.vadasthermal.sk\/wp-content\/uploads\/H4A9011-1536x1024.jpg 1536w, https:\/\/www.vadasthermal.sk\/wp-content\/uploads\/H4A9011-2048x1365.jpg 2048w, https:\/\/www.vadasthermal.sk\/wp-content\/uploads\/H4A9011-825x550.jpg 825w, https:\/\/www.vadasthermal.sk\/wp-content\/uploads\/H4A9011-1620x1080.jpg 1620w\" sizes=\"auto, (max-width: 1024px) 100vw, 1024px\" \/><\/figure>\n\n\n\n<figure class=\"wp-block-image size-large is-style-rounded\"><img loading=\"lazy\" decoding=\"async\" width=\"1024\" height=\"576\" data-id=\"9061\" src=\"https:\/\/www.vadasthermal.sk\/wp-content\/uploads\/Restauracia_Thermal_2-1-1024x576.jpg\" alt=\"\" class=\"wp-image-9061\" srcset=\"https:\/\/www.vadasthermal.sk\/wp-content\/uploads\/Restauracia_Thermal_2-1-1024x576.jpg 1024w, https:\/\/www.vadasthermal.sk\/wp-content\/uploads\/Restauracia_Thermal_2-1-300x169.jpg 300w, https:\/\/www.vadasthermal.sk\/wp-content\/uploads\/Restauracia_Thermal_2-1-768x432.jpg 768w, https:\/\/www.vadasthermal.sk\/wp-content\/uploads\/Restauracia_Thermal_2-1-1536x864.jpg 1536w, https:\/\/www.vadasthermal.sk\/wp-content\/uploads\/Restauracia_Thermal_2-1-978x550.jpg 978w, https:\/\/www.vadasthermal.sk\/wp-content\/uploads\/Restauracia_Thermal_2-1-1920x1080.jpg 1920w, https:\/\/www.vadasthermal.sk\/wp-content\/uploads\/Restauracia_Thermal_2-1.jpg 2000w\" sizes=\"auto, (max-width: 1024px) 100vw, 1024px\" \/><\/figure>\n<\/figure>\n\n\n<p>A sz\u00e1ll\u00e1s\u00e1r tartalma:<\/p>\n<ul>\n<li><strong>sz\u00e1ll\u00e1s<\/strong><\/li>\n<li><strong>sv\u00e9dasztalos reggeli<\/strong><\/li>\n<li><strong>wellnessk\u00f6zpont-haszn\u00e1lat\u00a0<\/strong>(\u00e9lm\u00e9nymedenc\u00e9k, szaunavil\u00e1g, \u00e9lm\u00e9nyzuhanyok, s\u00f3kabin, jacuzzi)<\/li>\n<li><strong>fedett uszoda-haszn\u00e1lat<\/strong> (az uszoda nyitvatart\u00e1si ideje alatt; fedett \u00fasz\u00f3- \u00e9s gyerekmedence, k\u00fclt\u00e9ri \u00fcl\u0151medence, hidegvizes mer\u00fcl\u0151medence, k\u00e9t szauna, 150 m\u00e9terre a sz\u00e1llod\u00e1t\u00f3l)<\/li>\n<li><strong>reggeli \u00fasz\u00e1s<\/strong><\/li>\n<li><strong>parkol\u00e1s<\/strong> a sz\u00e1lloda el\u0151tt<\/li>\n<li><strong>Wifi<\/strong> internetes el\u00e9r\u00e9s<\/li>\n<li><strong>bel\u00e9p\u00e9s a FitHaus fitness terembe<\/strong> (450 m a sz\u00e1llod\u00e1t\u00f3l)<\/li>\n<li>j\u00e1tsz\u00f3sarok, konyhahelyis\u00e9g (\u00e1lland\u00f3 jelleggel)<\/li>\n<li><strong>t\u00f6bbfunkci\u00f3s sportp\u00e1ly\u00e1k haszn\u00e1lata<\/strong> (m\u0171f\u00fcves futball p\u00e1lya, teniszp\u00e1ly\u00e1k, tollaslabda p\u00e1lya, streetball)<\/li>\n<li>X-BOX <strong>j\u00e1t\u00e9kok<\/strong> korl\u00e1tlan haszn\u00e1lata a gyereksarok mellett<\/li>\n<li><strong>korl\u00e1tlan elektromos aut\u00f3 t\u00f6lt\u00e9si<\/strong> lehet\u0151s\u00e9g<\/li>\n<li>18 \u00e9ven fel\u00fcli vend\u00e9geinknek <strong>f\u00fcrd\u0151k\u00f6penyt<\/strong> biztos\u00edtunk.\u00a0A\u00a0k\u00f6penyek cser\u00e9je fel\u00e1ras \u2013 5 \u20ac \/ k\u00f6peny.<\/li>\n<\/ul>\n<strong>M\u00e1just\u00f3l szeptemberig:<\/strong><br \/>\n<ul>\n<li><strong>korl\u00e1tlan bel\u00e9p\u00e9s a Vadas Thermal Resort term\u00e1lvizes medenc\u00e9ibe<\/strong> (a nyitvatart\u00e1si id\u0151ben)<\/li>\n<li><strong>habpartival egybek\u00f6t\u00f6tt \u00e9jszakai f\u00fcrd\u0151z\u00e9s<\/strong> (j\u00falius 1-augusztus 31. minden h\u00e9ten egy alkalommal)<\/li>\n<li><strong>k\u00e9t nyug\u00e1gy naperny\u0151vel<\/strong> (az \u00e9rkez\u00e9s napj\u00e1t kiv\u00e9ve, a t\u00e1voz\u00e1s napj\u00e1n is, a Vadas Thermal Resort nyitvatart\u00e1sa szerint)<\/li>\n<li><strong>korl\u00e1tlan cs\u00faszdapark haszn\u00e1lat<\/strong> (j\u00faniust\u00f3l augusztus v\u00e9g\u00e9ig)<\/li>\n<\/ul>\n<p><div class=\"row\"><br \/><div class=\"col-md-6\"><br \/>\t    <a href=\"\/hu\/szobak\" target=\"_blank\" class=\"banner \" style=\"background-image: url('\/wp-content\/uploads\/2018\/10\/3bed_2-a327760fa3.jpg');\">\n\t        <div class=\"vertical-align\">\n\t            <div class=\"title\">SZOB\u00c1INK<\/div>\n\t            <div class=\"description\">\n\t                <span>K\u00e9nyeztet\u0151 term\u00e1lvizes kikapcsol\u00f3d\u00e1s, term\u00e9szetk\u00f6zeli \u00e9lm\u00e9nyek, exkluz\u00edv kil\u00e1t\u00e1ssal az esztergomi bazilik\u00e1ra. Mindezt megtal\u00e1lja a p\u00e1rk\u00e1nyi Vadas Thermal wellnesshotelben, mely \u00fajonnan ny\u00edl\u00f3 wellnessr\u00e9szleg\u00e9vel imm\u00e1ron eg\u00e9sz \u00e9vben szeretettel v\u00e1rja kedves vend\u00e9geit!<\/span>\n\t                \t                    <div><span class=\"btn\">MEGN\u00c9ZEM<\/span><\/div>\n\t                \t            <\/div>\n\t        <\/div>\n\t    <\/a>\n\t    <br \/><\/div><br \/><div class=\"col-md-6\"><br \/>\t    <a href=\"\/hu\/thermal-wellnesshotel\/wellnesskozpont\/\" target=\"_blank\" class=\"banner \" style=\"background-image: url('\/wp-content\/uploads\/2018\/10\/mimosezona.jpg');\">\n\t        <div class=\"vertical-align\">\n\t            <div class=\"title\">WELLNESSK\u00d6ZPONT<\/div>\n\t            <div class=\"description\">\n\t                <span>K\u00e9nyeztet\u0151 term\u00e1lvizes kikapcsol\u00f3d\u00e1s, term\u00e9szetk\u00f6zeli \u00e9lm\u00e9nyek, exkluz\u00edv kil\u00e1t\u00e1ssal az esztergomi bazilik\u00e1ra. Mindezt megtal\u00e1lja a p\u00e1rk\u00e1nyi Vadas Thermal wellnesshotelben, mely \u00fajonnan ny\u00edl\u00f3 wellnessr\u00e9szleg\u00e9vel imm\u00e1ron eg\u00e9sz \u00e9vben szeretettel v\u00e1rja kedves vend\u00e9geit!<\/span>\n\t                \t                    <div><span class=\"btn\">MEGN\u00c9ZEM<\/span><\/div>\n\t                \t            <\/div>\n\t        <\/div>\n\t    <\/a>\n\t    <br \/><\/div><br \/><\/div><\/p>","protected":false},"excerpt":{"rendered":"<p>A Thermal*** wellnesshotelben \u00f6sszesen 47 szoba, 2 konferencia terem, t\u00e1rgyal\u00f3, \u00e9tterem, wellnessk\u00f6zpont, csomagmeg\u0151rz\u0151, j\u00e1t\u00e9ksarok \u00e9s egy egyedi kil\u00e1t\u00f3 terasz is tal\u00e1lhat\u00f3. Minden szoba f\u00fcrd\u0151szob\u00e1val, telefonnal, LCD TV k\u00e9sz\u00fcl\u00e9kkel felszerelt, valamint minden szob\u00e1nk l\u00e9gkondicion\u00e1lt \u00e9s ingyenes WiFi el\u00e9r\u00e9st biztos\u00edt.<\/p>\n","protected":false},"author":1,"featured_media":9803,"parent":0,"menu_order":0,"comment_status":"closed","ping_status":"closed","template":"hotel.php","meta":{"footnotes":""},"tags":[],"class_list":["post-113","page","type-page","status-publish","has-post-thumbnail","hentry"],"_links":{"self":[{"href":"https:\/\/www.vadasthermal.sk\/hu\/wp-json\/wp\/v2\/pages\/113","targetHints":{"allow":["GET"]}}],"collection":[{"href":"https:\/\/www.vadasthermal.sk\/hu\/wp-json\/wp\/v2\/pages"}],"about":[{"href":"https:\/\/www.vadasthermal.sk\/hu\/wp-json\/wp\/v2\/types\/page"}],"author":[{"embeddable":true,"href":"https:\/\/www.vadasthermal.sk\/hu\/wp-json\/wp\/v2\/users\/1"}],"replies":[{"embeddable":true,"href":"https:\/\/www.vadasthermal.sk\/hu\/wp-json\/wp\/v2\/comments?post=113"}],"version-history":[{"count":1,"href":"https:\/\/www.vadasthermal.sk\/hu\/wp-json\/wp\/v2\/pages\/113\/revisions"}],"predecessor-version":[{"id":16308,"href":"https:\/\/www.vadasthermal.sk\/hu\/wp-json\/wp\/v2\/pages\/113\/revisions\/16308"}],"wp:featuredmedia":[{"embeddable":true,"href":"https:\/\/www.vadasthermal.sk\/hu\/wp-json\/wp\/v2\/media\/9803"}],"wp:attachment":[{"href":"https:\/\/www.vadasthermal.sk\/hu\/wp-json\/wp\/v2\/media?parent=113"}],"wp:term":[{"taxonomy":"post_tag","embeddable":true,"href":"https:\/\/www.vadasthermal.sk\/hu\/wp-json\/wp\/v2\/tags?post=113"}],"curies":[{"name":"wp","href":"https:\/\/api.w.org\/{rel}","templated":true}]}}