
{"id":12883,"date":"2018-10-24T09:11:10","date_gmt":"2018-10-24T09:11:10","guid":{"rendered":"https:\/\/www.vadasthermal.sk\/kryta-plavaren\/"},"modified":"2026-03-10T10:44:01","modified_gmt":"2026-03-10T09:44:01","slug":"kryta-plywalnia","status":"publish","type":"page","link":"https:\/\/www.vadasthermal.sk\/pl\/kryta-plywalnia\/","title":{"rendered":"Kryta p\u0142ywalnia"},"content":{"rendered":"<h4><\/h4>\n<h4><\/h4>\n<h4 class=\"\"><span style=\"color: #003a4d;\">Kryta p\u0142ywalnia otwarta jest od po\u0142owy wrze\u015bnia do ko\u0144ca kwietnia. Oferuje:<br \/>\n\u25cf basen p\u0142ywacki \u25cf \u2022 basen relaksacyjny \u2022 zewn\u0119trzny basen do siedzenia \u25cfsauny \u25cf masa\u017ce \u25cf us\u0142ugi kosmetyczne \u25cf kawiarni\u0119<br \/>\n<\/span><\/h4>\n<table class=\"center\" style=\"; width: 100%;\">\n<tbody>\n<tr style=\"margin-right: auto; margin-left: auto; vertical-align: middle; background-color: #008ba1;\">\n<td style=\"margin-right: auto; margin-left: auto; width: 25%;\"><\/td>\n<td style=\"margin-right: auto; margin-left: auto; width: 25%; text-align: center;\"><strong><span style=\"color: #ffffff;\">Wymiary<\/span><\/strong><\/td>\n<td style=\"width: 25%; text-align: center;\"><strong><span style=\"color: #ffffff;\">G\u0142\u0119boko\u015b\u0107 wody<\/span><\/strong><\/td>\n<td style=\"text-align: center;\"><strong><span style=\"color: #ffffff;\">Temperatura wody<\/span><\/strong><\/td>\n<\/tr>\n<tr style=\"margin-right: auto; margin-left: auto; height: 40px;\">\n<td>\n<h3>Basen relaksacyjny<\/h3>\n<\/td>\n<td><strong>25 x 12,5 m<\/strong><\/td>\n<td><strong>130 cm<\/strong><\/td>\n<td><strong>30 &#8211; 32 \u00b0C<\/strong><\/td>\n<\/tr>\n<tr style=\"margin-right: auto; margin-left: auto; height: 40px;\">\n<td>\n<h3>Basen relaksacyjny<\/h3>\n<\/td>\n<td><strong>5 x3 m<\/strong><\/td>\n<td><strong>40 cm<\/strong><\/td>\n<td><strong>32 &#8211; 34 \u00b0C<\/strong><\/td>\n<\/tr>\n<tr style=\"margin-right: auto; margin-left: auto; height: 40px;\">\n<td>\n<h3>Basen do siedzenia &#8211; zewn\u0119trzny<\/h3>\n<\/td>\n<td><strong>200 m<sup>2<\/sup><\/strong><\/td>\n<td><strong>105 cm<\/strong><\/td>\n<td><strong>36\u00b0C<\/strong><\/td>\n<\/tr>\n<\/tbody>\n<\/table>\n<h3><\/h3>\n<h3>Sauna<\/h3>\n<p>W p\u0142ywalni znajduj\u0105 si\u0119 dwie sauny fi\u0144skie. Otwarte od wrze\u015bnia do ko\u0144ca kwietnia. Przy wej\u015bciu oferujemy go\u015bciom r\u0119czniki. G\u0142\u0119boko\u015b\u0107 basenu do sch\u0142adzania wynosi 130 cm, temperatura wody wynosi oko\u0142o 17\u00baC.<\/p>\n<div class=\"row no-gutters grid size-4\"><a href=\"https:\/\/www.vadasthermal.sk\/wp-content\/uploads\/2018\/10\/kryta_plavaren_2-4d30ed6232.jpg\" rel=\"gallery-19e83e67\" class=\"swipebox-gallery col-md-3 col-6\">   <div class=\"img\" style=\"background-image: url('https:\/\/www.vadasthermal.sk\/wp-content\/uploads\/2018\/10\/kryta_plavaren_2-4d30ed6232.jpg')\" ><\/div>   <div class=\"overlay\"><\/div><\/a><a href=\"https:\/\/www.vadasthermal.sk\/wp-content\/uploads\/2018\/10\/kryta_plavaren-0e124e5a6b.jpg\" rel=\"gallery-19e83e67\" class=\"swipebox-gallery col-md-3 col-6\">   <div class=\"img\" style=\"background-image: url('https:\/\/www.vadasthermal.sk\/wp-content\/uploads\/2018\/10\/kryta_plavaren-0e124e5a6b.jpg')\" ><\/div>   <div class=\"overlay\"><\/div><\/a><a href=\"https:\/\/www.vadasthermal.sk\/wp-content\/uploads\/2018\/10\/kryta_plavaren_3-f878c2823c.jpg\" rel=\"gallery-19e83e67\" class=\"swipebox-gallery col-md-3 col-6\">   <div class=\"img\" style=\"background-image: url('https:\/\/www.vadasthermal.sk\/wp-content\/uploads\/2018\/10\/kryta_plavaren_3-f878c2823c.jpg')\" ><\/div>   <div class=\"overlay\"><\/div><\/a><a href=\"https:\/\/www.vadasthermal.sk\/wp-content\/uploads\/2018\/10\/sauna-c11bf47e54.jpg\" rel=\"gallery-19e83e67\" class=\"swipebox-gallery col-md-3 col-6\">   <div class=\"img\" style=\"background-image: url('https:\/\/www.vadasthermal.sk\/wp-content\/uploads\/2018\/10\/sauna-c11bf47e54.jpg')\" ><\/div>   <div class=\"overlay\"><\/div><\/a><a href=\"https:\/\/www.vadasthermal.sk\/wp-content\/uploads\/2018\/10\/sauna_2-5625d1e3e5.jpg\" rel=\"gallery-19e83e67\" class=\"swipebox-gallery col-md-3 col-6\">   <div class=\"img\" style=\"background-image: url('https:\/\/www.vadasthermal.sk\/wp-content\/uploads\/2018\/10\/sauna_2-5625d1e3e5.jpg')\" ><\/div>   <div class=\"overlay\"><\/div><\/a><a href=\"https:\/\/www.vadasthermal.sk\/wp-content\/uploads\/sedaci.jpg\" rel=\"gallery-19e83e67\" class=\"swipebox-gallery col-md-3 col-6\">   <div class=\"img\" style=\"background-image: url('https:\/\/www.vadasthermal.sk\/wp-content\/uploads\/sedaci.jpg')\" ><\/div>   <div class=\"overlay\"><\/div><\/a><\/div>\n<table style=\"width: 100%;\">\n<tbody>\n<tr style=\"background-color: #008ba1;\">\n<td colspan=\"2\">\n<h3><span style=\"color: #ffffff;\"> Kryta p\u0142ywalnia<\/span><\/h3>\n<\/td>\n<\/tr>\n<tr>\n<td colspan=\"2\">\n<h4 style=\"text-align: justify;\"><span style=\"color: #008ba1;\"><strong>21 wrze\u015bnia 2025 r. &#8211; 30 kwietnia 2026 r<\/strong><\/span><\/h4>\n<\/td>\n<\/tr>\n<tr style=\"background-color: #e6e6e6;\">\n<td style=\"width: 60%;\">Poniedzia\u0142ek &#8211; pi\u0105tek<\/td>\n<td>\u00a012:00 &#8211; 21:00<\/td>\n<\/tr>\n<tr>\n<td>Sobota, Niedziela<\/td>\n<td>\u00a010:00 &#8211; 21:00<\/td>\n<\/tr>\n<tr>\n<td colspan=\"2\">Informujemy mi\u0142ych go\u015bci, \u017ce od poniedzia\u0142ku do czwartku w basenie p\u0142ywackim odbywaj\u0105 si\u0119 treningi dru\u017cyn p\u0142ywackich. Podczas trening\u00f3w w basenie s\u0105 wolne tory dla go\u015bci. Treningi dru\u017cyn p\u0142ywackich:<\/p>\n<ul>\n<li>Poniedzia\u0142ek: 14:00-15:00 a 17:00-19:00<\/li>\n<li>Wtorek 15:00-18:15<\/li>\n<li>\u015aroda 15:00-18:15<\/li>\n<li>Czwartek 15:00-18:15<br \/>\n<hr \/>\n<\/li>\n<\/ul>\n<p><strong>Poranne p\u0142ywanie: codziennie (z wyj\u0105tkiem poniedzia\u0142ku) w godz. 5.40 \u2013 8.30 (wst\u0119p tylko z biletem okresowym). Podczas porannego p\u0142ywania odbywaj\u0105 si\u0119 treningi dru\u017cyn p\u0142ywackich wed\u0142ug nast\u0119puj\u0105cego harmonogramu:<\/strong><\/p>\n<ul>\n<li>Wtorek 6:15 \u2013 7:15<\/li>\n<li>\u015aroda 6:15 \u2013 7:15<\/li>\n<li>Czwartek 6:15 \u2013 8:15<\/li>\n<li>Pi\u0105tek 6:15 \u2013 7:15<\/li>\n<li>Sobota 7:15 \u2013 8:15<\/li>\n<\/ul>\n<p>Podczas trening\u00f3w w basenie s\u0105 wolne tory dla go\u015bci.<br \/>\nDzi\u0119kujemy za wyrozumia\u0142o\u015b\u0107!<\/td>\n<\/tr>\n<tr style=\"background-color: #e6e6e6;\">\n<td colspan=\"2\">\n<h4 style=\"text-align: justify;\"><span style=\"color: #008ba1;\"><strong>1 maja &#8211; 20 wrze\u015bnia 2026: zamkni\u0119te<\/strong><\/span><\/h4>\n<\/td>\n<\/tr>\n<\/tbody>\n<\/table>\n<p><strong>W okresie, gdy kryta p\u0142ywalnia jest zamkni\u0119ta, poranne p\u0142ywanie odbywa si\u0119 w zewn\u0119trznym basenie p\u0142ywackim (wst\u0119p jest mo\u017cliwy tylko z wa\u017cnym biletem zakupionym w recepcji hotelu Thermal).<\/strong><\/p>\n<hr \/>\n<table style=\"width: 100%;\">\n<tbody>\n<tr style=\"background-color: #008ba1;\">\n<td style=\"background-color: #008ba1;\" colspan=\"2\">\n<h3 style=\"text-align: center;\"><span style=\"color: #ffffff;\">Basen kryty \u2013 bilety na 3 godz. &#8211; 2026<\/span><\/h3>\n<\/td>\n<\/tr>\n<tr>\n<td style=\"width: 50%; text-align: left;\">Doros\u0142y<\/td>\n<td style=\"text-align: center;\">7 \u20ac<\/td>\n<\/tr>\n<tr style=\"background-color: #e6e6e6;\">\n<td style=\"text-align: left;\">Dziecko (4 \u2013 17,99 lat)<\/td>\n<td style=\"text-align: center;\">4 \u20ac<\/td>\n<\/tr>\n<tr>\n<td style=\"text-align: left;\">Senior (&gt;62 lat)<\/td>\n<td style=\"text-align: center;\">4 \u20ac<\/td>\n<\/tr>\n<tr style=\"background-color: #e6e6e6;\">\n<td style=\"text-align: left;\">Doros\u0142y \u2013 p\u0142ywalnia + sauna<\/td>\n<td style=\"text-align: center;\">13,50 \u20ac<\/td>\n<\/tr>\n<tr>\n<td style=\"text-align: left;\">Dziecko \u2013 p\u0142ywalnia + sauna<\/td>\n<td style=\"text-align: center;\">10,50 \u20ac<\/td>\n<\/tr>\n<tr style=\"background-color: #e6e6e6;\">\n<td style=\"text-align: left;\">Senior (&gt;62 lat) \u2013 p\u0142ywalnia + sauna<\/td>\n<td style=\"text-align: center;\">10,50 \u20ac<\/td>\n<\/tr>\n<tr>\n<td style=\"text-align: left;\">Go\u015b\u0107 z legitymacj\u0105 inwalidzk\u0105<\/td>\n<td style=\"text-align: center;\">4 \u20ac<\/td>\n<\/tr>\n<tr style=\"background-color: #e6e6e6;\">\n<td style=\"text-align: left;\">Go\u015b\u0107 z legitymacj\u0105 inwalidzk\u0105 z asyst\u0105<\/td>\n<td style=\"text-align: center;\">2 \u20ac<\/td>\n<\/tr>\n<tr>\n<td style=\"text-align: left;\">Dziecko z legitymacj\u0105<\/td>\n<td style=\"text-align: center;\">2 \u20ac<\/td>\n<\/tr>\n<tr style=\"background-color: #e6e6e6;\">\n<td style=\"text-align: left;\">Asystent osoby z legitymacj\u0105 inwalidzk\u0105<\/td>\n<td style=\"text-align: center;\">4 \u20ac<\/td>\n<\/tr>\n<tr>\n<td style=\"background-color: #008ba1;\" colspan=\"2\">\n<h4 style=\"text-align: center;\"><span style=\"color: #ffffff;\"><strong>Wst\u0119p do sauny jest mo\u017cliwy tylko z wa\u017cnym biletem wst\u0119pu do p\u0142ywalni!<\/strong><br \/>\n<\/span><\/h4>\n<\/td>\n<\/tr>\n<tr>\n<td style=\"text-align: left;\">Sauna (dop\u0142ata do zwyk\u0142ych bilet\u00f3w na basen)<\/td>\n<td style=\"text-align: center;\">6,50 \u20ac<\/td>\n<\/tr>\n<tr style=\"background-color: #e6e6e6;\">\n<td style=\"text-align: left;\">Dop\u0142ata ponad limit *<\/td>\n<td style=\"text-align: center;\">2 \u20ac<\/td>\n<\/tr>\n<tr>\n<td style=\"text-align: left;\">Wej\u015bcie grupowe dla dzieci**<\/td>\n<td style=\"text-align: center;\">3 \u20ac<\/td>\n<\/tr>\n<tr style=\"background-color: #e6e6e6;\">\n<td style=\"text-align: left;\">Bilet okresowy (53 punkt\u00f3w, 5% zni\u017cki)***<\/td>\n<td style=\"text-align: center;\">50 \u20ac<\/td>\n<\/tr>\n<tr>\n<td style=\"text-align: left;\">Bilet okresowy (100 punkt\u00f3w, 5% zni\u017cki)***<\/td>\n<td style=\"text-align: center;\">95 \u20ac<\/td>\n<\/tr>\n<tr style=\"background-color: #e6e6e6;\">\n<td style=\"text-align: left;\">Wynajem basenu na 1 godzin\u0119<\/td>\n<td style=\"text-align: center;\">110 \u20ac<\/td>\n<\/tr>\n<tr>\n<td style=\"text-align: left;\">Wynajem toru p\u0142ywackiego na 1 godzin\u0119<\/td>\n<td style=\"text-align: center;\">20 \u20ac<\/td>\n<\/tr>\n<\/tbody>\n<\/table>\n<hr \/>\n<ul>\n<li>* p\u0142aci si\u0119 po 3 godzinach za ka\u017cdych zacz\u0119tych 30 minut<\/li>\n<li>** w przypadku grup p\u0142ywackich. Na ka\u017cd\u0105 grup\u0119 10 dzieci, jedna osoba doros\u0142a ma wst\u0119p za darmo..<\/li>\n<li>*** Bilety okresowe s\u0105 wa\u017cne w krytej p\u0142ywalni, na zewn\u0119trznym k\u0105pielisku i w wellness centrum. Przy zakupie bilet\u00f3w wst\u0119pu jest zapewniony upust 5% z cen w zale\u017cno\u015bci od typu biletu okresowego i danego biletu. Wa\u017cno\u015b\u0107 bilet\u00f3w okresowych \u2013 200 dni od dnia zakupu. Bilety przy zakupie s\u0105 dobijane punktami, przy wst\u0119pie odliczamy punkty wed\u0142ug rodzaju biletu.<\/li>\n<li>Wst\u0119p na poranne p\u0142ywanie jest mo\u017cliwy tylko z biletem okresowym, w godzinach 5.30 \u2013 8.40.<\/li>\n<li>Przy wykorzystaniu biletu okresowego z upustem (go\u015bcie z legitymacj\u0105 inwalidzk\u0105) kasjer ma prawo poprosi\u0107 o dokument do wgl\u0105du.<\/li>\n<li>W kasach honorujemy nast\u0119puj\u0105ce karty p\u0142atnicze: Visa, Mastercard, Maestro, UPI, DC, JCB.<\/li>\n<li>Cennik wa\u017cny do 30.04.2026. Zastrzegamy sobie prawo do zmiany cen.<\/li>\n<\/ul>\n<hr \/>\n","protected":false},"excerpt":{"rendered":"<p>Kryta p\u0142ywalnia otwarta jest od po\u0142owy wrze\u015bnia do ko\u0144ca kwietnia. Oferuje:<br \/>\n\u25cf basen p\u0142ywacki \u25cf zewn\u0119trzny basen do siedzenia \u25cfsauny \u25cf masa\u017ce \u25cf us\u0142ugi kosmetyczne \u25cf kawiarni\u0119<\/p>\n","protected":false},"author":1,"featured_media":12885,"parent":0,"menu_order":0,"comment_status":"closed","ping_status":"closed","template":"","meta":{"footnotes":""},"tags":[],"class_list":["post-12883","page","type-page","status-publish","has-post-thumbnail","hentry"],"_links":{"self":[{"href":"https:\/\/www.vadasthermal.sk\/pl\/wp-json\/wp\/v2\/pages\/12883","targetHints":{"allow":["GET"]}}],"collection":[{"href":"https:\/\/www.vadasthermal.sk\/pl\/wp-json\/wp\/v2\/pages"}],"about":[{"href":"https:\/\/www.vadasthermal.sk\/pl\/wp-json\/wp\/v2\/types\/page"}],"author":[{"embeddable":true,"href":"https:\/\/www.vadasthermal.sk\/pl\/wp-json\/wp\/v2\/users\/1"}],"replies":[{"embeddable":true,"href":"https:\/\/www.vadasthermal.sk\/pl\/wp-json\/wp\/v2\/comments?post=12883"}],"version-history":[{"count":2,"href":"https:\/\/www.vadasthermal.sk\/pl\/wp-json\/wp\/v2\/pages\/12883\/revisions"}],"predecessor-version":[{"id":17536,"href":"https:\/\/www.vadasthermal.sk\/pl\/wp-json\/wp\/v2\/pages\/12883\/revisions\/17536"}],"wp:featuredmedia":[{"embeddable":true,"href":"https:\/\/www.vadasthermal.sk\/pl\/wp-json\/wp\/v2\/media\/12885"}],"wp:attachment":[{"href":"https:\/\/www.vadasthermal.sk\/pl\/wp-json\/wp\/v2\/media?parent=12883"}],"wp:term":[{"taxonomy":"post_tag","embeddable":true,"href":"https:\/\/www.vadasthermal.sk\/pl\/wp-json\/wp\/v2\/tags?post=12883"}],"curies":[{"name":"wp","href":"https:\/\/api.w.org\/{rel}","templated":true}]}}